{"id":3494,"date":"2026-03-16T14:53:38","date_gmt":"2026-03-16T13:53:38","guid":{"rendered":"https:\/\/classes.autoescolasantfeliu.com\/?post_type=lp_course&#038;p=3494"},"modified":"2026-04-26T11:51:14","modified_gmt":"2026-04-26T09:51:14","slug":"teorica-comu-cotxe-i-moto-caracteristiques-i-capacitats","status":"publish","type":"lp_course","link":"https:\/\/classes.autoescolasantfeliu.com\/es\/cursos\/teorica-comu-cotxe-i-moto-caracteristiques-i-capacitats\/","title":{"rendered":"Te\u00f3rica Com\u00fan Coche y Moto &#8211; Caracter\u00edsticas y capacidades"},"content":{"rendered":"<p>Presentaci\u00f3n<\/p>\r\n\r\n<p>&nbsp;<\/p>\r\n\r\n<p>&nbsp;<\/p>\r\n<p>&nbsp;<\/p>\r\n\r\n<div class=\"wp-block-group flip-card\"><div class=\"wp-block-group__inner-container is-layout-constrained wp-block-group-is-layout-constrained\">\r\n<div class=\"wp-block-group flip-card-inner\"><div class=\"wp-block-group__inner-container is-layout-constrained wp-block-group-is-layout-constrained\">\r\n<div class=\"wp-block-group flip-card-front\"><div class=\"wp-block-group__inner-container is-layout-constrained wp-block-group-is-layout-constrained\">\r\n<figure class=\"wp-block-image size-full\"><img decoding=\"async\" width=\"150\" height=\"150\" class=\"wp-image-2403\" src=\"https:\/\/classes.autoescolasantfeliu.com\/wp-content\/uploads\/2024\/05\/logo-tecnica-150.png\" alt=\"Logotip Autoescola T\u00e8cnica\" \/><\/figure>\r\n<\/div><\/div>\r\n\r\n\r\n\r\n<div class=\"wp-block-group flip-card-back\"><div class=\"wp-block-group__inner-container is-layout-constrained wp-block-group-is-layout-constrained\">\r\n<figure class=\"wp-block-image size-full\"><img fetchpriority=\"high\" decoding=\"async\" width=\"512\" height=\"512\" class=\"wp-image-1711\" src=\"https:\/\/classes.autoescolasantfeliu.com\/wp-content\/uploads\/2018\/11\/cropped-Autoescola-Sant-Feliu-Favicon.jpg\" alt=\"\" srcset=\"https:\/\/classes.autoescolasantfeliu.com\/wp-content\/uploads\/2018\/11\/cropped-Autoescola-Sant-Feliu-Favicon.jpg 512w, https:\/\/classes.autoescolasantfeliu.com\/wp-content\/uploads\/2018\/11\/cropped-Autoescola-Sant-Feliu-Favicon-150x150.jpg 150w, https:\/\/classes.autoescolasantfeliu.com\/wp-content\/uploads\/2018\/11\/cropped-Autoescola-Sant-Feliu-Favicon-450x450.jpg 450w, https:\/\/classes.autoescolasantfeliu.com\/wp-content\/uploads\/2018\/11\/cropped-Autoescola-Sant-Feliu-Favicon-270x270.jpg 270w, https:\/\/classes.autoescolasantfeliu.com\/wp-content\/uploads\/2018\/11\/cropped-Autoescola-Sant-Feliu-Favicon-192x192.jpg 192w, https:\/\/classes.autoescolasantfeliu.com\/wp-content\/uploads\/2018\/11\/cropped-Autoescola-Sant-Feliu-Favicon-180x180.jpg 180w, https:\/\/classes.autoescolasantfeliu.com\/wp-content\/uploads\/2018\/11\/cropped-Autoescola-Sant-Feliu-Favicon-32x32.jpg 32w\" sizes=\"(max-width: 512px) 100vw, 512px\" \/><\/figure>\r\n<\/div><\/div>\r\n<\/div><\/div>\r\n<\/div><\/div>","protected":false},"excerpt":{"rendered":"<p>Presentaci\u00f3n &nbsp; &nbsp; &nbsp;<\/p>\n","protected":false},"author":1,"featured_media":0,"comment_status":"closed","ping_status":"closed","template":"","course_category":[],"course_tag":[],"class_list":["post-3494","lp_course","type-lp_course","status-publish","hentry","course"],"yoast_head":"<!-- This site is optimized with the Yoast SEO plugin v27.4 - https:\/\/yoast.com\/product\/yoast-seo-wordpress\/ -->\n<title>Te\u00f3rica Com\u00fan Coche y Moto - Caracter\u00edsticas y capacidades - Autoescola Sant Feliu<\/title>\n<meta name=\"robots\" content=\"index, follow, max-snippet:-1, max-image-preview:large, max-video-preview:-1\" \/>\n<link rel=\"canonical\" href=\"https:\/\/classes.autoescolasantfeliu.com\/es\/cursos\/teorica-comu-cotxe-i-moto-caracteristiques-i-capacitats\/\" \/>\n<meta property=\"og:locale\" content=\"es_ES\" \/>\n<meta property=\"og:type\" content=\"article\" \/>\n<meta property=\"og:title\" content=\"Te\u00f3rica Com\u00fan Coche y Moto - Caracter\u00edsticas y capacidades - Autoescola Sant Feliu\" \/>\n<meta property=\"og:description\" content=\"Presentaci\u00f3n &nbsp; &nbsp; &nbsp;\" \/>\n<meta property=\"og:url\" content=\"https:\/\/classes.autoescolasantfeliu.com\/es\/cursos\/teorica-comu-cotxe-i-moto-caracteristiques-i-capacitats\/\" \/>\n<meta property=\"og:site_name\" content=\"Autoescola Sant Feliu\" \/>\n<meta property=\"article:publisher\" content=\"https:\/\/www.facebook.com\/autoescolastfeliu\/?ref=br_rs\" \/>\n<meta property=\"article:modified_time\" content=\"2026-04-26T09:51:14+00:00\" \/>\n<meta property=\"og:image\" content=\"https:\/\/classes.autoescolasantfeliu.com\/wp-content\/uploads\/2024\/05\/logo-tecnica-150.png\" \/>\n<meta name=\"twitter:card\" content=\"summary_large_image\" \/>\n<meta name=\"twitter:label1\" content=\"Tiempo de lectura\" \/>\n\t<meta name=\"twitter:data1\" content=\"1 minuto\" \/>\n<script type=\"application\/ld+json\" class=\"yoast-schema-graph\">{\"@context\":\"https:\\\/\\\/schema.org\",\"@graph\":[{\"@type\":\"WebPage\",\"@id\":\"https:\\\/\\\/classes.autoescolasantfeliu.com\\\/es\\\/cursos\\\/teorica-comu-cotxe-i-moto-caracteristiques-i-capacitats\\\/\",\"url\":\"https:\\\/\\\/classes.autoescolasantfeliu.com\\\/es\\\/cursos\\\/teorica-comu-cotxe-i-moto-caracteristiques-i-capacitats\\\/\",\"name\":\"Te\u00f3rica Com\u00fan Coche y Moto - Caracter\u00edsticas y capacidades - Autoescola Sant Feliu\",\"isPartOf\":{\"@id\":\"https:\\\/\\\/classes.autoescolasantfeliu.com\\\/es\\\/#website\"},\"primaryImageOfPage\":{\"@id\":\"https:\\\/\\\/classes.autoescolasantfeliu.com\\\/es\\\/cursos\\\/teorica-comu-cotxe-i-moto-caracteristiques-i-capacitats\\\/#primaryimage\"},\"image\":{\"@id\":\"https:\\\/\\\/classes.autoescolasantfeliu.com\\\/cursos\\\/teorica-comu-cotxe-i-moto-caracteristiques-i-capacitats\\\/#primaryimage\"},\"thumbnailUrl\":\"https:\\\/\\\/classes.autoescolasantfeliu.com\\\/wp-content\\\/uploads\\\/2024\\\/05\\\/logo-tecnica-150.png\",\"datePublished\":\"2026-03-16T13:53:38+00:00\",\"dateModified\":\"2026-04-26T09:51:14+00:00\",\"breadcrumb\":{\"@id\":\"https:\\\/\\\/classes.autoescolasantfeliu.com\\\/es\\\/cursos\\\/teorica-comu-cotxe-i-moto-caracteristiques-i-capacitats\\\/#breadcrumb\"},\"inLanguage\":\"es\",\"potentialAction\":[{\"@type\":\"ReadAction\",\"target\":[[\"https:\\\/\\\/classes.autoescolasantfeliu.com\\\/es\\\/cursos\\\/teorica-comu-cotxe-i-moto-caracteristiques-i-capacitats\\\/\"]]}]},{\"@type\":\"ImageObject\",\"inLanguage\":\"es\",\"@id\":\"https:\\\/\\\/classes.autoescolasantfeliu.com\\\/es\\\/cursos\\\/teorica-comu-cotxe-i-moto-caracteristiques-i-capacitats\\\/#primaryimage\",\"url\":\"https:\\\/\\\/classes.autoescolasantfeliu.com\\\/wp-content\\\/uploads\\\/2024\\\/05\\\/logo-tecnica-150.png\",\"contentUrl\":\"https:\\\/\\\/classes.autoescolasantfeliu.com\\\/wp-content\\\/uploads\\\/2024\\\/05\\\/logo-tecnica-150.png\"},{\"@type\":\"BreadcrumbList\",\"@id\":\"https:\\\/\\\/classes.autoescolasantfeliu.com\\\/es\\\/cursos\\\/teorica-comu-cotxe-i-moto-caracteristiques-i-capacitats\\\/#breadcrumb\",\"itemListElement\":[{\"@type\":\"ListItem\",\"position\":1,\"name\":\"Portada\",\"item\":\"https:\\\/\\\/classes.autoescolasantfeliu.com\\\/es\\\/\"},{\"@type\":\"ListItem\",\"position\":2,\"name\":\"Cursos\",\"item\":\"https:\\\/\\\/classes.autoescolasantfeliu.com\\\/es\\\/cursos\\\/\"},{\"@type\":\"ListItem\",\"position\":3,\"name\":\"Te\u00f2rica Com\u00fa Cotxe i Moto &#8211; Caracter\u00edstiques i Capacitats\"}]},{\"@type\":\"WebSite\",\"@id\":\"https:\\\/\\\/classes.autoescolasantfeliu.com\\\/es\\\/#website\",\"url\":\"https:\\\/\\\/classes.autoescolasantfeliu.com\\\/es\\\/\",\"name\":\"Autoescola Sant Feliu\",\"description\":\"Autoescola Sant Feliu\",\"publisher\":{\"@id\":\"https:\\\/\\\/classes.autoescolasantfeliu.com\\\/es\\\/#organization\"},\"potentialAction\":[{\"@type\":\"SearchAction\",\"target\":{\"@type\":\"EntryPoint\",\"urlTemplate\":\"https:\\\/\\\/classes.autoescolasantfeliu.com\\\/es\\\/?s={search_term_string}\"},\"query-input\":{\"@type\":\"PropertyValueSpecification\",\"valueRequired\":true,\"valueName\":\"search_term_string\"}}],\"inLanguage\":\"es\"},{\"@type\":\"Organization\",\"@id\":\"https:\\\/\\\/classes.autoescolasantfeliu.com\\\/es\\\/#organization\",\"name\":\"Autoescola Sant Feliu\",\"url\":\"https:\\\/\\\/classes.autoescolasantfeliu.com\\\/es\\\/\",\"logo\":{\"@type\":\"ImageObject\",\"inLanguage\":\"es\",\"@id\":\"https:\\\/\\\/classes.autoescolasantfeliu.com\\\/es\\\/#\\\/schema\\\/logo\\\/image\\\/\",\"url\":\"https:\\\/\\\/classes.autoescolasantfeliu.com\\\/wp-content\\\/uploads\\\/2018\\\/11\\\/Autoescola-Sant-Feliu-Logo.png\",\"contentUrl\":\"https:\\\/\\\/classes.autoescolasantfeliu.com\\\/wp-content\\\/uploads\\\/2018\\\/11\\\/Autoescola-Sant-Feliu-Logo.png\",\"width\":450,\"height\":65,\"caption\":\"Autoescola Sant Feliu\"},\"image\":{\"@id\":\"https:\\\/\\\/classes.autoescolasantfeliu.com\\\/es\\\/#\\\/schema\\\/logo\\\/image\\\/\"},\"sameAs\":[\"https:\\\/\\\/www.facebook.com\\\/autoescolastfeliu\\\/?ref=br_rs\",\"https:\\\/\\\/www.instagram.com\\\/autoescolasantfeliuaesf\\\/\"]}]}<\/script>\n<!-- \/ Yoast SEO plugin. -->","yoast_head_json":{"title":"Te\u00f3rica Com\u00fan Coche y Moto - Caracter\u00edsticas y capacidades - Autoescola Sant Feliu","robots":{"index":"index","follow":"follow","max-snippet":"max-snippet:-1","max-image-preview":"max-image-preview:large","max-video-preview":"max-video-preview:-1"},"canonical":"https:\/\/classes.autoescolasantfeliu.com\/es\/cursos\/teorica-comu-cotxe-i-moto-caracteristiques-i-capacitats\/","og_locale":"es_ES","og_type":"article","og_title":"Te\u00f3rica Com\u00fan Coche y Moto - Caracter\u00edsticas y capacidades - Autoescola Sant Feliu","og_description":"Presentaci\u00f3n &nbsp; &nbsp; &nbsp;","og_url":"https:\/\/classes.autoescolasantfeliu.com\/es\/cursos\/teorica-comu-cotxe-i-moto-caracteristiques-i-capacitats\/","og_site_name":"Autoescola Sant Feliu","article_publisher":"https:\/\/www.facebook.com\/autoescolastfeliu\/?ref=br_rs","article_modified_time":"2026-04-26T09:51:14+00:00","og_image":[{"url":"https:\/\/classes.autoescolasantfeliu.com\/wp-content\/uploads\/2024\/05\/logo-tecnica-150.png","type":"","width":"","height":""}],"twitter_card":"summary_large_image","twitter_misc":{"Tiempo de lectura":"1 minuto"},"schema":{"@context":"https:\/\/schema.org","@graph":[{"@type":"WebPage","@id":"https:\/\/classes.autoescolasantfeliu.com\/es\/cursos\/teorica-comu-cotxe-i-moto-caracteristiques-i-capacitats\/","url":"https:\/\/classes.autoescolasantfeliu.com\/es\/cursos\/teorica-comu-cotxe-i-moto-caracteristiques-i-capacitats\/","name":"Te\u00f3rica Com\u00fan Coche y Moto - Caracter\u00edsticas y capacidades - Autoescola Sant Feliu","isPartOf":{"@id":"https:\/\/classes.autoescolasantfeliu.com\/es\/#website"},"primaryImageOfPage":{"@id":"https:\/\/classes.autoescolasantfeliu.com\/es\/cursos\/teorica-comu-cotxe-i-moto-caracteristiques-i-capacitats\/#primaryimage"},"image":{"@id":"https:\/\/classes.autoescolasantfeliu.com\/cursos\/teorica-comu-cotxe-i-moto-caracteristiques-i-capacitats\/#primaryimage"},"thumbnailUrl":"https:\/\/classes.autoescolasantfeliu.com\/wp-content\/uploads\/2024\/05\/logo-tecnica-150.png","datePublished":"2026-03-16T13:53:38+00:00","dateModified":"2026-04-26T09:51:14+00:00","breadcrumb":{"@id":"https:\/\/classes.autoescolasantfeliu.com\/es\/cursos\/teorica-comu-cotxe-i-moto-caracteristiques-i-capacitats\/#breadcrumb"},"inLanguage":"es","potentialAction":[{"@type":"ReadAction","target":[["https:\/\/classes.autoescolasantfeliu.com\/es\/cursos\/teorica-comu-cotxe-i-moto-caracteristiques-i-capacitats\/"]]}]},{"@type":"ImageObject","inLanguage":"es","@id":"https:\/\/classes.autoescolasantfeliu.com\/es\/cursos\/teorica-comu-cotxe-i-moto-caracteristiques-i-capacitats\/#primaryimage","url":"https:\/\/classes.autoescolasantfeliu.com\/wp-content\/uploads\/2024\/05\/logo-tecnica-150.png","contentUrl":"https:\/\/classes.autoescolasantfeliu.com\/wp-content\/uploads\/2024\/05\/logo-tecnica-150.png"},{"@type":"BreadcrumbList","@id":"https:\/\/classes.autoescolasantfeliu.com\/es\/cursos\/teorica-comu-cotxe-i-moto-caracteristiques-i-capacitats\/#breadcrumb","itemListElement":[{"@type":"ListItem","position":1,"name":"Portada","item":"https:\/\/classes.autoescolasantfeliu.com\/es\/"},{"@type":"ListItem","position":2,"name":"Cursos","item":"https:\/\/classes.autoescolasantfeliu.com\/es\/cursos\/"},{"@type":"ListItem","position":3,"name":"Te\u00f2rica Com\u00fa Cotxe i Moto &#8211; Caracter\u00edstiques i Capacitats"}]},{"@type":"WebSite","@id":"https:\/\/classes.autoescolasantfeliu.com\/es\/#website","url":"https:\/\/classes.autoescolasantfeliu.com\/es\/","name":"Autoescola Sant Feliu","description":"Autoescola Sant Feliu","publisher":{"@id":"https:\/\/classes.autoescolasantfeliu.com\/es\/#organization"},"potentialAction":[{"@type":"SearchAction","target":{"@type":"EntryPoint","urlTemplate":"https:\/\/classes.autoescolasantfeliu.com\/es\/?s={search_term_string}"},"query-input":{"@type":"PropertyValueSpecification","valueRequired":true,"valueName":"search_term_string"}}],"inLanguage":"es"},{"@type":"Organization","@id":"https:\/\/classes.autoescolasantfeliu.com\/es\/#organization","name":"Autoescola Sant Feliu","url":"https:\/\/classes.autoescolasantfeliu.com\/es\/","logo":{"@type":"ImageObject","inLanguage":"es","@id":"https:\/\/classes.autoescolasantfeliu.com\/es\/#\/schema\/logo\/image\/","url":"https:\/\/classes.autoescolasantfeliu.com\/wp-content\/uploads\/2018\/11\/Autoescola-Sant-Feliu-Logo.png","contentUrl":"https:\/\/classes.autoescolasantfeliu.com\/wp-content\/uploads\/2018\/11\/Autoescola-Sant-Feliu-Logo.png","width":450,"height":65,"caption":"Autoescola Sant Feliu"},"image":{"@id":"https:\/\/classes.autoescolasantfeliu.com\/es\/#\/schema\/logo\/image\/"},"sameAs":["https:\/\/www.facebook.com\/autoescolastfeliu\/?ref=br_rs","https:\/\/www.instagram.com\/autoescolasantfeliuaesf\/"]}]}},"_links":{"self":[{"href":"https:\/\/classes.autoescolasantfeliu.com\/es\/wp-json\/wp\/v2\/lp_course\/3494","targetHints":{"allow":["GET"]}}],"collection":[{"href":"https:\/\/classes.autoescolasantfeliu.com\/es\/wp-json\/wp\/v2\/lp_course"}],"about":[{"href":"https:\/\/classes.autoescolasantfeliu.com\/es\/wp-json\/wp\/v2\/types\/lp_course"}],"author":[{"embeddable":true,"href":"https:\/\/classes.autoescolasantfeliu.com\/es\/wp-json\/wp\/v2\/users\/1"}],"replies":[{"embeddable":true,"href":"https:\/\/classes.autoescolasantfeliu.com\/es\/wp-json\/wp\/v2\/comments?post=3494"}],"version-history":[{"count":32,"href":"https:\/\/classes.autoescolasantfeliu.com\/es\/wp-json\/wp\/v2\/lp_course\/3494\/revisions"}],"predecessor-version":[{"id":3598,"href":"https:\/\/classes.autoescolasantfeliu.com\/es\/wp-json\/wp\/v2\/lp_course\/3494\/revisions\/3598"}],"wp:attachment":[{"href":"https:\/\/classes.autoescolasantfeliu.com\/es\/wp-json\/wp\/v2\/media?parent=3494"}],"wp:term":[{"taxonomy":"course_category","embeddable":true,"href":"https:\/\/classes.autoescolasantfeliu.com\/es\/wp-json\/wp\/v2\/course_category?post=3494"},{"taxonomy":"course_tag","embeddable":true,"href":"https:\/\/classes.autoescolasantfeliu.com\/es\/wp-json\/wp\/v2\/course_tag?post=3494"}],"curies":[{"name":"wp","href":"https:\/\/api.w.org\/{rel}","templated":true}]}}